{"id":563,"date":"2024-01-15T09:47:00","date_gmt":"2024-01-15T09:47:00","guid":{"rendered":"https:\/\/termaly-male-bielice.ms2.decms.eu\/?page_id=563"},"modified":"2025-06-09T14:24:11","modified_gmt":"2025-06-09T14:24:11","slug":"vnutorny-kludovy-bazen","status":"publish","type":"page","link":"https:\/\/www.termalymalebielice.com\/sk\/wellness-spa-centrum\/vnutorny-kludovy-bazen\/","title":{"rendered":"Vn\u00fatorn\u00fd k\u013eudov\u00fd baz\u00e9n"},"content":{"rendered":"<p style=\"text-align: center\"><span class=\"jCAhz ChMk0b\"><span class=\"ryNqvb\">Vn\u00fatorn\u00fd k\u013eudov\u00fd baz\u00e9n je sedac\u00ed baz\u00e9n bez hydromas\u00e1\u017enych prvkov.<\/span><\/span> Nielen baz\u00e9n pre\u0161iel kompletnou rekon\u0161trukciou, ale aj ne\u010falek\u00e1 oddychov\u00e1 z\u00f3na, kde boli umiestnen\u00e9 nov\u00e9 le\u017eadl\u00e1. <span class=\"jCAhz ChMk0b\"><span class=\"ryNqvb\">H\u013abka vody je 1.2m. Teplota vody 35-37 \u00b0C.<\/span><\/span><\/p>\n<p style=\"text-align: center\">\n","protected":false},"excerpt":{"rendered":"<p>Vn\u00fatorn\u00fd k\u013eudov\u00fd baz\u00e9n je sedac\u00ed baz\u00e9n bez hydromas\u00e1\u017enych prvkov. Nielen baz\u00e9n pre\u0161iel kompletnou rekon\u0161trukciou, ale aj ne\u010falek\u00e1 oddychov\u00e1 z\u00f3na, kde boli umiestnen\u00e9 nov\u00e9 le\u017eadl\u00e1. H\u013abka vody je 1.2m. Teplota vody 35-37 \u00b0C.<\/p>\n","protected":false},"author":46,"featured_media":0,"parent":233,"menu_order":0,"comment_status":"closed","ping_status":"closed","template":"template-single-spa.php","meta":{"footnotes":""},"class_list":["post-563","page","type-page","status-publish","hentry"],"yoast_head":"<!-- This site is optimized with the Yoast SEO plugin v27.3 - https:\/\/yoast.com\/product\/yoast-seo-wordpress\/ -->\n<title>Vn\u00fatorn\u00fd k\u013eudov\u00fd baz\u00e9n - Termaly Male Bielice -<\/title>\n<meta name=\"description\" content=\"Vn\u00fatorn\u00fd k\u013eudov\u00fd baz\u00e9n je sedac\u00ed baz\u00e9n bez hydromas\u00e1\u017enych prvkov. H\u013abka vody je 1.2m. T\u011b\u0161\u00edme sa na Va\u0161u n\u00e1v\u0161t\u011bvu.\" \/>\n<meta name=\"robots\" content=\"index, follow, max-snippet:-1, max-image-preview:large, max-video-preview:-1\" \/>\n<link rel=\"canonical\" href=\"https:\/\/www.termalymalebielice.com\/sk\/wellness-spa-centrum\/vnutorny-kludovy-bazen\/\" \/>\n<meta property=\"og:locale\" content=\"sk_SK\" \/>\n<meta property=\"og:type\" content=\"article\" \/>\n<meta property=\"og:title\" content=\"Vn\u00fatorn\u00fd k\u013eudov\u00fd baz\u00e9n - Termaly Male Bielice -\" \/>\n<meta property=\"og:description\" content=\"Vn\u00fatorn\u00fd k\u013eudov\u00fd baz\u00e9n je sedac\u00ed baz\u00e9n bez hydromas\u00e1\u017enych prvkov. H\u013abka vody je 1.2m. T\u011b\u0161\u00edme sa na Va\u0161u n\u00e1v\u0161t\u011bvu.\" \/>\n<meta property=\"og:url\" content=\"https:\/\/www.termalymalebielice.com\/sk\/wellness-spa-centrum\/vnutorny-kludovy-bazen\/\" \/>\n<meta property=\"og:site_name\" content=\"Termaly Male Bielice\" \/>\n<meta property=\"article:modified_time\" content=\"2025-06-09T14:24:11+00:00\" \/>\n<meta name=\"twitter:card\" content=\"summary_large_image\" \/>\n<meta name=\"twitter:label1\" content=\"Predpokladan\u00fd \u010das \u010d\u00edtania\" \/>\n\t<meta name=\"twitter:data1\" content=\"1 min\u00fata\" \/>\n<script type=\"application\/ld+json\" class=\"yoast-schema-graph\">{\"@context\":\"https:\\\/\\\/schema.org\",\"@graph\":[{\"@type\":\"WebPage\",\"@id\":\"https:\\\/\\\/www.termalymalebielice.com\\\/sk\\\/wellness-spa-centrum\\\/vnutorny-kludovy-bazen\\\/\",\"url\":\"https:\\\/\\\/www.termalymalebielice.com\\\/sk\\\/wellness-spa-centrum\\\/vnutorny-kludovy-bazen\\\/\",\"name\":\"Vn\u00fatorn\u00fd k\u013eudov\u00fd baz\u00e9n - Termaly Male Bielice -\",\"isPartOf\":{\"@id\":\"https:\\\/\\\/www.termalymalebielice.com\\\/sk\\\/#website\"},\"datePublished\":\"2024-01-15T09:47:00+00:00\",\"dateModified\":\"2025-06-09T14:24:11+00:00\",\"description\":\"Vn\u00fatorn\u00fd k\u013eudov\u00fd baz\u00e9n je sedac\u00ed baz\u00e9n bez hydromas\u00e1\u017enych prvkov. H\u013abka vody je 1.2m. T\u011b\u0161\u00edme sa na Va\u0161u n\u00e1v\u0161t\u011bvu.\",\"breadcrumb\":{\"@id\":\"https:\\\/\\\/www.termalymalebielice.com\\\/sk\\\/wellness-spa-centrum\\\/vnutorny-kludovy-bazen\\\/#breadcrumb\"},\"inLanguage\":\"sk-SK\",\"potentialAction\":[{\"@type\":\"ReadAction\",\"target\":[\"https:\\\/\\\/www.termalymalebielice.com\\\/sk\\\/wellness-spa-centrum\\\/vnutorny-kludovy-bazen\\\/\"]}]},{\"@type\":\"BreadcrumbList\",\"@id\":\"https:\\\/\\\/www.termalymalebielice.com\\\/sk\\\/wellness-spa-centrum\\\/vnutorny-kludovy-bazen\\\/#breadcrumb\",\"itemListElement\":[{\"@type\":\"ListItem\",\"position\":1,\"name\":\"Home\",\"item\":\"https:\\\/\\\/www.termalymalebielice.com\\\/sk\\\/\"},{\"@type\":\"ListItem\",\"position\":2,\"name\":\"Wellness\",\"item\":\"https:\\\/\\\/www.termalymalebielice.com\\\/sk\\\/wellness-spa-centrum\\\/\"},{\"@type\":\"ListItem\",\"position\":3,\"name\":\"Vn\u00fatorn\u00fd k\u013eudov\u00fd baz\u00e9n\"}]},{\"@type\":\"WebSite\",\"@id\":\"https:\\\/\\\/www.termalymalebielice.com\\\/sk\\\/#website\",\"url\":\"https:\\\/\\\/www.termalymalebielice.com\\\/sk\\\/\",\"name\":\"Termaly Male Bielice\",\"description\":\"\",\"potentialAction\":[{\"@type\":\"SearchAction\",\"target\":{\"@type\":\"EntryPoint\",\"urlTemplate\":\"https:\\\/\\\/www.termalymalebielice.com\\\/sk\\\/?s={search_term_string}\"},\"query-input\":{\"@type\":\"PropertyValueSpecification\",\"valueRequired\":true,\"valueName\":\"search_term_string\"}}],\"inLanguage\":\"sk-SK\"}]}<\/script>\n<!-- \/ Yoast SEO plugin. -->","yoast_head_json":{"title":"Vn\u00fatorn\u00fd k\u013eudov\u00fd baz\u00e9n - Termaly Male Bielice -","description":"Vn\u00fatorn\u00fd k\u013eudov\u00fd baz\u00e9n je sedac\u00ed baz\u00e9n bez hydromas\u00e1\u017enych prvkov. H\u013abka vody je 1.2m. T\u011b\u0161\u00edme sa na Va\u0161u n\u00e1v\u0161t\u011bvu.","robots":{"index":"index","follow":"follow","max-snippet":"max-snippet:-1","max-image-preview":"max-image-preview:large","max-video-preview":"max-video-preview:-1"},"canonical":"https:\/\/www.termalymalebielice.com\/sk\/wellness-spa-centrum\/vnutorny-kludovy-bazen\/","og_locale":"sk_SK","og_type":"article","og_title":"Vn\u00fatorn\u00fd k\u013eudov\u00fd baz\u00e9n - Termaly Male Bielice -","og_description":"Vn\u00fatorn\u00fd k\u013eudov\u00fd baz\u00e9n je sedac\u00ed baz\u00e9n bez hydromas\u00e1\u017enych prvkov. H\u013abka vody je 1.2m. T\u011b\u0161\u00edme sa na Va\u0161u n\u00e1v\u0161t\u011bvu.","og_url":"https:\/\/www.termalymalebielice.com\/sk\/wellness-spa-centrum\/vnutorny-kludovy-bazen\/","og_site_name":"Termaly Male Bielice","article_modified_time":"2025-06-09T14:24:11+00:00","twitter_card":"summary_large_image","twitter_misc":{"Predpokladan\u00fd \u010das \u010d\u00edtania":"1 min\u00fata"},"schema":{"@context":"https:\/\/schema.org","@graph":[{"@type":"WebPage","@id":"https:\/\/www.termalymalebielice.com\/sk\/wellness-spa-centrum\/vnutorny-kludovy-bazen\/","url":"https:\/\/www.termalymalebielice.com\/sk\/wellness-spa-centrum\/vnutorny-kludovy-bazen\/","name":"Vn\u00fatorn\u00fd k\u013eudov\u00fd baz\u00e9n - Termaly Male Bielice -","isPartOf":{"@id":"https:\/\/www.termalymalebielice.com\/sk\/#website"},"datePublished":"2024-01-15T09:47:00+00:00","dateModified":"2025-06-09T14:24:11+00:00","description":"Vn\u00fatorn\u00fd k\u013eudov\u00fd baz\u00e9n je sedac\u00ed baz\u00e9n bez hydromas\u00e1\u017enych prvkov. H\u013abka vody je 1.2m. T\u011b\u0161\u00edme sa na Va\u0161u n\u00e1v\u0161t\u011bvu.","breadcrumb":{"@id":"https:\/\/www.termalymalebielice.com\/sk\/wellness-spa-centrum\/vnutorny-kludovy-bazen\/#breadcrumb"},"inLanguage":"sk-SK","potentialAction":[{"@type":"ReadAction","target":["https:\/\/www.termalymalebielice.com\/sk\/wellness-spa-centrum\/vnutorny-kludovy-bazen\/"]}]},{"@type":"BreadcrumbList","@id":"https:\/\/www.termalymalebielice.com\/sk\/wellness-spa-centrum\/vnutorny-kludovy-bazen\/#breadcrumb","itemListElement":[{"@type":"ListItem","position":1,"name":"Home","item":"https:\/\/www.termalymalebielice.com\/sk\/"},{"@type":"ListItem","position":2,"name":"Wellness","item":"https:\/\/www.termalymalebielice.com\/sk\/wellness-spa-centrum\/"},{"@type":"ListItem","position":3,"name":"Vn\u00fatorn\u00fd k\u013eudov\u00fd baz\u00e9n"}]},{"@type":"WebSite","@id":"https:\/\/www.termalymalebielice.com\/sk\/#website","url":"https:\/\/www.termalymalebielice.com\/sk\/","name":"Termaly Male Bielice","description":"","potentialAction":[{"@type":"SearchAction","target":{"@type":"EntryPoint","urlTemplate":"https:\/\/www.termalymalebielice.com\/sk\/?s={search_term_string}"},"query-input":{"@type":"PropertyValueSpecification","valueRequired":true,"valueName":"search_term_string"}}],"inLanguage":"sk-SK"}]}},"acf":[],"_links":{"self":[{"href":"https:\/\/www.termalymalebielice.com\/sk\/wp-json\/wp\/v2\/pages\/563","targetHints":{"allow":["GET"]}}],"collection":[{"href":"https:\/\/www.termalymalebielice.com\/sk\/wp-json\/wp\/v2\/pages"}],"about":[{"href":"https:\/\/www.termalymalebielice.com\/sk\/wp-json\/wp\/v2\/types\/page"}],"author":[{"embeddable":true,"href":"https:\/\/www.termalymalebielice.com\/sk\/wp-json\/wp\/v2\/users\/46"}],"replies":[{"embeddable":true,"href":"https:\/\/www.termalymalebielice.com\/sk\/wp-json\/wp\/v2\/comments?post=563"}],"version-history":[{"count":0,"href":"https:\/\/www.termalymalebielice.com\/sk\/wp-json\/wp\/v2\/pages\/563\/revisions"}],"up":[{"embeddable":true,"href":"https:\/\/www.termalymalebielice.com\/sk\/wp-json\/wp\/v2\/pages\/233"}],"wp:attachment":[{"href":"https:\/\/www.termalymalebielice.com\/sk\/wp-json\/wp\/v2\/media?parent=563"}],"curies":[{"name":"wp","href":"https:\/\/api.w.org\/{rel}","templated":true}]}}