{"id":208,"date":"2023-12-18T12:03:42","date_gmt":"2023-12-18T12:03:42","guid":{"rendered":"https:\/\/termaly-male-bielice.ms2.decms.eu\/?page_id=208"},"modified":"2025-02-13T09:14:13","modified_gmt":"2025-02-13T09:14:13","slug":"izba-standard","status":"publish","type":"page","link":"https:\/\/www.termalymalebielice.com\/sk\/izby-pre-hosti\/izba-standard\/","title":{"rendered":"Izba \u0161tandard"},"content":{"rendered":"<p>Hotelov\u00e1 izba zariaden\u00e1 modern\u00fdm n\u00e1bytkom pon\u00faka v\u0161etko pre pr\u00edjemn\u00fd pobyt hos\u0165a, od minibaru cez kvalitn\u00fa kozmetiku. Izba disponuje aj vlastnou k\u00fape\u013e\u0148ou so sprchovac\u00edm k\u00fatom, v\u00fdh\u013ead do zelene pri\u013eahl\u00e9ho parku \u010di na aquapark. V letnom obdob\u00ed mo\u017en\u00e9 posedenie na priv\u00e1tnom balk\u00f3ne.<\/p>\n","protected":false},"excerpt":{"rendered":"<p>Hotelov\u00e1 izba zariaden\u00e1 modern\u00fdm n\u00e1bytkom pon\u00faka v\u0161etko pre pr\u00edjemn\u00fd pobyt hos\u0165a, od minibaru cez kvalitn\u00fa kozmetiku. Izba disponuje aj vlastnou k\u00fape\u013e\u0148ou so sprchovac\u00edm k\u00fatom, v\u00fdh\u013ead do zelene pri\u013eahl\u00e9ho parku \u010di na aquapark. V letnom obdob\u00ed mo\u017en\u00e9 posedenie na priv\u00e1tnom balk\u00f3ne.<\/p>\n","protected":false},"author":7,"featured_media":0,"parent":206,"menu_order":10,"comment_status":"closed","ping_status":"closed","template":"template-single-room.php","meta":{"footnotes":""},"yoast_head":"<!-- This site is optimized with the Yoast SEO plugin v22.3 - https:\/\/yoast.com\/wordpress\/plugins\/seo\/ -->\n<title>Izba \u0161tandard | Term\u00e1ly Mal\u00e9 Bielice<\/title>\n<meta name=\"description\" content=\"Hotelov\u00e1 izba zariaden\u00e1 modern\u00fdm n\u00e1bytkom pon\u00faka v\u0161etko pre pr\u00edjemn\u00fd pobyt hos\u0165a, od minibaru cez kvalitn\u00fa kozmetiku.\" \/>\n<meta name=\"robots\" content=\"index, follow, max-snippet:-1, max-image-preview:large, max-video-preview:-1\" \/>\n<link rel=\"canonical\" href=\"https:\/\/www.termalymalebielice.com\/sk\/izby-pre-hosti\/izba-standard\/\" \/>\n<meta property=\"og:locale\" content=\"sk_SK\" \/>\n<meta property=\"og:type\" content=\"article\" \/>\n<meta property=\"og:title\" content=\"Izba \u0161tandard | Term\u00e1ly Mal\u00e9 Bielice\" \/>\n<meta property=\"og:description\" content=\"Hotelov\u00e1 izba zariaden\u00e1 modern\u00fdm n\u00e1bytkom pon\u00faka v\u0161etko pre pr\u00edjemn\u00fd pobyt hos\u0165a, od minibaru cez kvalitn\u00fa kozmetiku.\" \/>\n<meta property=\"og:url\" content=\"https:\/\/www.termalymalebielice.com\/sk\/izby-pre-hosti\/izba-standard\/\" \/>\n<meta property=\"og:site_name\" content=\"Termaly Male Bielice\" \/>\n<meta property=\"article:modified_time\" content=\"2025-02-13T09:14:13+00:00\" \/>\n<meta name=\"twitter:card\" content=\"summary_large_image\" \/>\n<meta name=\"twitter:label1\" content=\"Predpokladan\u00fd \u010das \u010d\u00edtania\" \/>\n\t<meta name=\"twitter:data1\" content=\"1 min\u00fata\" \/>\n<script type=\"application\/ld+json\" class=\"yoast-schema-graph\">{\"@context\":\"https:\/\/schema.org\",\"@graph\":[{\"@type\":\"WebPage\",\"@id\":\"https:\/\/www.termalymalebielice.com\/sk\/izby-pre-hosti\/izba-standard\/\",\"url\":\"https:\/\/www.termalymalebielice.com\/sk\/izby-pre-hosti\/izba-standard\/\",\"name\":\"Izba \u0161tandard | Term\u00e1ly Mal\u00e9 Bielice\",\"isPartOf\":{\"@id\":\"https:\/\/www.termalymalebielice.com\/sk\/#website\"},\"datePublished\":\"2023-12-18T12:03:42+00:00\",\"dateModified\":\"2025-02-13T09:14:13+00:00\",\"description\":\"Hotelov\u00e1 izba zariaden\u00e1 modern\u00fdm n\u00e1bytkom pon\u00faka v\u0161etko pre pr\u00edjemn\u00fd pobyt hos\u0165a, od minibaru cez kvalitn\u00fa kozmetiku.\",\"breadcrumb\":{\"@id\":\"https:\/\/www.termalymalebielice.com\/sk\/izby-pre-hosti\/izba-standard\/#breadcrumb\"},\"inLanguage\":\"sk-SK\",\"potentialAction\":[{\"@type\":\"ReadAction\",\"target\":[\"https:\/\/www.termalymalebielice.com\/sk\/izby-pre-hosti\/izba-standard\/\"]}]},{\"@type\":\"BreadcrumbList\",\"@id\":\"https:\/\/www.termalymalebielice.com\/sk\/izby-pre-hosti\/izba-standard\/#breadcrumb\",\"itemListElement\":[{\"@type\":\"ListItem\",\"position\":1,\"name\":\"Home\",\"item\":\"https:\/\/www.termalymalebielice.com\/sk\/\"},{\"@type\":\"ListItem\",\"position\":2,\"name\":\"Izby pre host\u00ed\",\"item\":\"https:\/\/www.termalymalebielice.com\/sk\/izby-pre-hosti\/\"},{\"@type\":\"ListItem\",\"position\":3,\"name\":\"Izba \u0161tandard\"}]},{\"@type\":\"WebSite\",\"@id\":\"https:\/\/www.termalymalebielice.com\/sk\/#website\",\"url\":\"https:\/\/www.termalymalebielice.com\/sk\/\",\"name\":\"Termaly Male Bielice\",\"description\":\"\",\"potentialAction\":[{\"@type\":\"SearchAction\",\"target\":{\"@type\":\"EntryPoint\",\"urlTemplate\":\"https:\/\/www.termalymalebielice.com\/sk\/?s={search_term_string}\"},\"query-input\":\"required name=search_term_string\"}],\"inLanguage\":\"sk-SK\"}]}<\/script>\n<!-- \/ Yoast SEO plugin. -->","yoast_head_json":{"title":"Izba \u0161tandard | Term\u00e1ly Mal\u00e9 Bielice","description":"Hotelov\u00e1 izba zariaden\u00e1 modern\u00fdm n\u00e1bytkom pon\u00faka v\u0161etko pre pr\u00edjemn\u00fd pobyt hos\u0165a, od minibaru cez kvalitn\u00fa kozmetiku.","robots":{"index":"index","follow":"follow","max-snippet":"max-snippet:-1","max-image-preview":"max-image-preview:large","max-video-preview":"max-video-preview:-1"},"canonical":"https:\/\/www.termalymalebielice.com\/sk\/izby-pre-hosti\/izba-standard\/","og_locale":"sk_SK","og_type":"article","og_title":"Izba \u0161tandard | Term\u00e1ly Mal\u00e9 Bielice","og_description":"Hotelov\u00e1 izba zariaden\u00e1 modern\u00fdm n\u00e1bytkom pon\u00faka v\u0161etko pre pr\u00edjemn\u00fd pobyt hos\u0165a, od minibaru cez kvalitn\u00fa kozmetiku.","og_url":"https:\/\/www.termalymalebielice.com\/sk\/izby-pre-hosti\/izba-standard\/","og_site_name":"Termaly Male Bielice","article_modified_time":"2025-02-13T09:14:13+00:00","twitter_card":"summary_large_image","twitter_misc":{"Predpokladan\u00fd \u010das \u010d\u00edtania":"1 min\u00fata"},"schema":{"@context":"https:\/\/schema.org","@graph":[{"@type":"WebPage","@id":"https:\/\/www.termalymalebielice.com\/sk\/izby-pre-hosti\/izba-standard\/","url":"https:\/\/www.termalymalebielice.com\/sk\/izby-pre-hosti\/izba-standard\/","name":"Izba \u0161tandard | Term\u00e1ly Mal\u00e9 Bielice","isPartOf":{"@id":"https:\/\/www.termalymalebielice.com\/sk\/#website"},"datePublished":"2023-12-18T12:03:42+00:00","dateModified":"2025-02-13T09:14:13+00:00","description":"Hotelov\u00e1 izba zariaden\u00e1 modern\u00fdm n\u00e1bytkom pon\u00faka v\u0161etko pre pr\u00edjemn\u00fd pobyt hos\u0165a, od minibaru cez kvalitn\u00fa kozmetiku.","breadcrumb":{"@id":"https:\/\/www.termalymalebielice.com\/sk\/izby-pre-hosti\/izba-standard\/#breadcrumb"},"inLanguage":"sk-SK","potentialAction":[{"@type":"ReadAction","target":["https:\/\/www.termalymalebielice.com\/sk\/izby-pre-hosti\/izba-standard\/"]}]},{"@type":"BreadcrumbList","@id":"https:\/\/www.termalymalebielice.com\/sk\/izby-pre-hosti\/izba-standard\/#breadcrumb","itemListElement":[{"@type":"ListItem","position":1,"name":"Home","item":"https:\/\/www.termalymalebielice.com\/sk\/"},{"@type":"ListItem","position":2,"name":"Izby pre host\u00ed","item":"https:\/\/www.termalymalebielice.com\/sk\/izby-pre-hosti\/"},{"@type":"ListItem","position":3,"name":"Izba \u0161tandard"}]},{"@type":"WebSite","@id":"https:\/\/www.termalymalebielice.com\/sk\/#website","url":"https:\/\/www.termalymalebielice.com\/sk\/","name":"Termaly Male Bielice","description":"","potentialAction":[{"@type":"SearchAction","target":{"@type":"EntryPoint","urlTemplate":"https:\/\/www.termalymalebielice.com\/sk\/?s={search_term_string}"},"query-input":"required name=search_term_string"}],"inLanguage":"sk-SK"}]}},"acf":[],"_links":{"self":[{"href":"https:\/\/www.termalymalebielice.com\/sk\/wp-json\/wp\/v2\/pages\/208"}],"collection":[{"href":"https:\/\/www.termalymalebielice.com\/sk\/wp-json\/wp\/v2\/pages"}],"about":[{"href":"https:\/\/www.termalymalebielice.com\/sk\/wp-json\/wp\/v2\/types\/page"}],"author":[{"embeddable":true,"href":"https:\/\/www.termalymalebielice.com\/sk\/wp-json\/wp\/v2\/users\/7"}],"replies":[{"embeddable":true,"href":"https:\/\/www.termalymalebielice.com\/sk\/wp-json\/wp\/v2\/comments?post=208"}],"version-history":[{"count":0,"href":"https:\/\/www.termalymalebielice.com\/sk\/wp-json\/wp\/v2\/pages\/208\/revisions"}],"up":[{"embeddable":true,"href":"https:\/\/www.termalymalebielice.com\/sk\/wp-json\/wp\/v2\/pages\/206"}],"wp:attachment":[{"href":"https:\/\/www.termalymalebielice.com\/sk\/wp-json\/wp\/v2\/media?parent=208"}],"curies":[{"name":"wp","href":"https:\/\/api.w.org\/{rel}","templated":true}]}}