{"id":720,"date":"2023-12-21T15:44:21","date_gmt":"2023-12-21T15:44:21","guid":{"rendered":"https:\/\/www.termalymalebielice.com\/?page_id=720"},"modified":"2025-05-20T07:47:11","modified_gmt":"2025-05-20T07:47:11","slug":"vylety-do-okoli","status":"publish","type":"page","link":"https:\/\/www.termalymalebielice.com\/cs\/kde-nas-najdete\/vylety-do-okoli\/","title":{"rendered":"V\u00fdlety do okol\u00ed"},"content":{"rendered":"<div class=\"lRu31\" dir=\"ltr\"><span class=\"HwtZe\" lang=\"cs\"><span class=\"jCAhz ChMk0b\"><span class=\"ryNqvb\">Term\u00e1ln\u00ed koupali\u0161t\u011b Mal\u00e9 Bielice najdete v Partiz\u00e1nsk\u00e9m, m\u011bste\u010dku na \u00fapat\u00ed slovensk\u00e9ho poho\u0159\u00ed Tr\u00edbe\u010d.<\/span><\/span> <span class=\"jCAhz ChMk0b\"><span class=\"ryNqvb\">Hlavn\u00edm l\u00e1kadlem jsou samoz\u0159ejm\u011b samotn\u00e9 term\u00e1ln\u00ed l\u00e1zn\u011b, ze kter\u00fdch se v\u00e1m prost\u011b nebude cht\u00edt.<\/span><\/span> <span class=\"jCAhz ChMk0b\"><span class=\"ryNqvb\">\u0158adu p\u0159\u00edle\u017eitost\u00ed k zaj\u00edmav\u00fdm kratochv\u00edl\u00edm v\u0161ak najdete i v okol\u00ed.<\/span><\/span> <span class=\"jCAhz ChMk0b\"><span class=\"ryNqvb\">Nav\u0161tivte nap\u0159\u00edklad hv\u011bzd\u00e1rnu a projd\u011bte si nau\u010dnou stezku Bielick\u00e1 bahn\u00e1 (1,1 km).<\/span><\/span> <span class=\"jCAhz ChMk0b\"><span class=\"ryNqvb\">Na del\u0161\u00ed v\u00fdlet se vydejte do Tren\u010d\u00edna nebo Bojnic (30 km), prohl\u00e9dn\u011bte si m\u00edstn\u00ed kr\u00e1sn\u00fd z\u00e1mek a zajd\u011bte rovnou do zoologick\u00e9 zahrady, nejstar\u0161\u00ed na Slovensku. <\/span><\/span><\/span><\/div>\n<div dir=\"ltr\"><\/div>\n<div class=\"lRu31\" dir=\"ltr\"><span class=\"HwtZe\" lang=\"cs\"><span class=\"jCAhz\"><span class=\"ryNqvb\"><strong>Bojnick\u00fd z\u00e1mek, Bojnice<\/strong> <\/span><\/span><\/span><\/div>\n<div class=\"lRu31\" dir=\"ltr\"><span class=\"HwtZe\" lang=\"cs\"><span class=\"jCAhz ChMk0b\"><span class=\"ryNqvb\">Bojnick\u00fd z\u00e1mek je jednou z nejstar\u0161\u00edch a nejv\u00fdznamn\u011bj\u0161\u00edch pam\u00e1tek na Slovensku.<\/span><\/span> <span class=\"jCAhz\"><span class=\"ryNqvb\">Prvn\u00ed p\u00edsemn\u00e1 zm\u00ednka o existenci hradu je z roku 1113 v listin\u011b zoborsk\u00e9ho opatstv\u00ed.<\/span><\/span> <span class=\"jCAhz\"><span class=\"ryNqvb\">P\u016fvodn\u011b to byl d\u0159ev\u011bn\u00fd hrad a vyvinul se ze star\u0161\u00edho hradi\u0161t\u011b.<\/span><\/span> <span class=\"jCAhz ChMk0b\"><span class=\"ryNqvb\">Bojnick\u00fd z\u00e1mek je romantick\u00fd, s \u010d\u00e1ste\u010dn\u011b zachovan\u00fdmi p\u016fvodn\u011b gotick\u00fdmi a renesan\u010dn\u00edmi z\u00e1klady z\u00e1mku.<\/span><\/span> <span class=\"jCAhz ChMk0b\"><span class=\"ryNqvb\">Nach\u00e1z\u00ed se v Tren\u010d\u00ednsk\u00e9m kraji a le\u017e\u00ed na z\u00e1padn\u00edm okraji m\u011bsta Bojnice.<\/span><\/span> <span class=\"jCAhz ChMk0b\"><span class=\"ryNqvb\">Hrad je viditeln\u00fd z v\u011bt\u0161\u00ed \u010d\u00e1sti horn\u00edho Ponitri.<\/span><\/span> <span class=\"jCAhz ChMk0b\"><span class=\"ryNqvb\">Je postaven na travertinov\u00e9 sk\u00e1le a skl\u00e1d\u00e1 se z vnit\u0159n\u00edho a vn\u011bj\u0161\u00edho hradu se t\u0159emi n\u00e1dvo\u0159\u00edmi.<\/span><\/span> <span class=\"jCAhz ChMk0b\"><span class=\"ryNqvb\">V roce 1970 byl prohl\u00e1\u0161en za N\u00e1rodn\u00ed kulturn\u00ed pam\u00e1tku. <\/span><\/span><\/span><\/div>\n<div dir=\"ltr\"><\/div>\n<div class=\"lRu31\" dir=\"ltr\"><span class=\"HwtZe\" lang=\"cs\"><span class=\"jCAhz\"><span class=\"ryNqvb\"><strong>ZOO Bojnice, Bojnice<\/strong> <\/span><\/span><\/span><\/div>\n<div class=\"lRu31\" dir=\"ltr\"><span class=\"HwtZe\" lang=\"cs\"><span class=\"jCAhz\"><span class=\"ryNqvb\">Zoologick\u00e1 zahrada Bojnice je nejstar\u0161\u00ed a nejnav\u0161t\u011bvovan\u011bj\u0161\u00ed zoo na Slovensku. <\/span><\/span><span class=\"jCAhz ChMk0b\"><span class=\"ryNqvb\">Ve\u0159ejnosti byl zp\u0159\u00edstupn\u011bn 1. dubna 1955 a v sou\u010dasnosti se rozkl\u00e1d\u00e1 na plo\u0161e 41 ha, z toho 20 ha je v\u00fdstavn\u00ed \u010d\u00e1st. <\/span><\/span><span class=\"jCAhz\"><span class=\"ryNqvb\">Pat\u0159\u00ed mezi zoologick\u00e9 zahrady obecn\u00e9ho typu, tj.<\/span><\/span> <span class=\"jCAhz\"><span class=\"ryNqvb\">bez jasn\u00e9 specializace na ur\u010dit\u00e9 druhy zv\u00ed\u0159at.<\/span><\/span> <span class=\"jCAhz\"><span class=\"ryNqvb\">V minulosti byla v\u011bt\u0161\u00ed pozornost v\u011bnov\u00e1na chovu rys\u016f, b\u011bh\u00e1n\u00ed (emu, nadu) a koz.<\/span><\/span> <span class=\"jCAhz ChMk0b\"><span class=\"ryNqvb\">Are\u00e1l zoo se nach\u00e1z\u00ed v rekrea\u010dn\u00edm prost\u0159ed\u00ed l\u00e1ze\u0148sk\u00e9ho m\u011bsta Bojnice. <\/span><\/span><\/span><\/div>\n<div dir=\"ltr\"><\/div>\n<div class=\"lRu31\" dir=\"ltr\"><span class=\"HwtZe\" lang=\"cs\"><span class=\"jCAhz\"><span class=\"ryNqvb\"><strong>Tren\u010d\u00ednsk\u00fd hrad, Tren\u010d\u00edn<\/strong> <\/span><\/span><\/span><\/div>\n<div class=\"lRu31\" dir=\"ltr\"><span class=\"HwtZe\" lang=\"cs\"><span class=\"jCAhz ChMk0b\"><span class=\"ryNqvb\">Dominanta Tren\u010d\u00edna a cel\u00e9ho Pova\u017eia st\u0159e\u017e\u00ed starobyl\u00e9 obchodn\u00ed cesty spojuj\u00edc\u00ed oblast St\u0159edomo\u0159\u00ed s Pobalt\u00edm a severn\u00ed Evropou.<\/span><\/span> <span class=\"jCAhz ChMk0b\"><span class=\"ryNqvb\">Na m\u00edst\u011b dne\u0161n\u00edho z\u00e1mku st\u00e1val v dob\u011b Velk\u00e9 Moravy hrad jako spr\u00e1vn\u00ed centrum p\u0159ilehl\u00e9ho regionu.<\/span><\/span> <span class=\"jCAhz ChMk0b\"><span class=\"ryNqvb\">Dne\u0161n\u00ed hrad byl postaven v 11. stolet\u00ed jako pohrani\u010dn\u00ed pevnost, st\u0159e\u017e\u00edc\u00ed d\u016fle\u017eit\u00e9 v\u00e1\u017esk\u00e9 brody a d\u016fle\u017eit\u00e9 karpatsk\u00e9 pr\u016fsmyky, kter\u00fdmi proch\u00e1zely obchodn\u00ed cesty, spojuj\u00edc\u00ed oblast severn\u00edho Ma\u010farska a st\u0159edoslovensk\u00fdch hornick\u00fdch m\u011bst s \u010cechami, Moravou, Slezskem a Polskem.<\/span><\/span> <span class=\"jCAhz\"><span class=\"ryNqvb\">V n\u00e1sleduj\u00edc\u00edch stalet\u00edch se stal s\u00eddlem pohrani\u010dn\u00edho v\u00fdboru, kr\u00e1lovsk\u00e9ho a pozd\u011bji vrchnostensk\u00e9ho kraje.<\/span><\/span> <span class=\"jCAhz\"><span class=\"ryNqvb\">Dnes se v jeho starobyl\u00fdch prostor\u00e1ch nach\u00e1zej\u00ed v\u00fdstavn\u00ed prostory a n\u011bkolik expon\u00e1t\u016f Tren\u010diansk\u00e9ho muzea. <\/span><\/span><\/span><\/div>\n<div dir=\"ltr\"><\/div>\n<div dir=\"ltr\"><strong>Leti\u0161t\u011b Mal\u00e9 Bielice \u2013 vyhl\u00eddkov\u00e9 lety a para\u0161utismus<\/strong><\/div>\n<div dir=\"ltr\">Na leti\u0161ti v Mal\u00fdch Bielic\u00edch (\u010d\u00e1st Partiz\u00e1nskeho) se po\u0159\u00e1daj\u00ed vyhl\u00eddkov\u00e9 lety a je zde i para\u0161utistick\u00fd klub. Pokud hled\u00e1te adrenalinov\u00fd z\u00e1\u017eitek, m\u016f\u017eete se domluvit na tandemov\u00e9m seskoku \u010di kr\u00e1tk\u00e9m okru\u017en\u00edm letu nad regionem.<\/div>\n<div dir=\"ltr\">\n<p><strong>Hrad Uhrovec<\/strong><br \/>\nLe\u017e\u00ed na \u00fapat\u00ed poho\u0159\u00ed Str\u00e1\u017eovsk\u00e9 vrchy, zhruba 20 km severov\u00fdchodn\u011b od Partiz\u00e1nskeho. Jedn\u00e1 se o romantickou z\u0159\u00edceninu, kter\u00e1 proch\u00e1z\u00ed postupnou rekonstrukc\u00ed. V\u00fdstup k hradu je p\u011bkn\u00fdm turistick\u00fdm z\u00e1\u017eitkem \u2013 ide\u00e1ln\u00ed je vyrazit z obce Uhrovsk\u00e9 Podhradie.<br \/>\nV bl\u00edzkosti se nach\u00e1z\u00ed tak\u00e9 Jankov v\u0155\u0161ok (pam\u011btn\u00ed m\u00edsto SNP) a rodn\u00fd d\u016fm \u013dudov\u00edta \u0160t\u00fara a Alexandra Dub\u010deka v obci Uhrovec, co\u017e jsou v\u00fdznamn\u00e9 slovensk\u00e9 kulturn\u011b-historick\u00e9 pam\u00e1tky.<\/p>\n<p><strong>P\u0159ehrada (vodn\u00e1 n\u00e1dr\u017e) Ve\u013ek\u00e9 Uherce<\/strong><br \/>\nAsi 8 km od Partiz\u00e1nskeho, v obci Ve\u013ek\u00e9 Uherce, se rozprost\u00edr\u00e1 p\u0159ehrada obklopen\u00e1 lesy a kopci. Vhodn\u00e1 je k nen\u00e1ro\u010dn\u00fdm proch\u00e1zk\u00e1m, ryba\u0159en\u00ed, p\u0159\u00edpadn\u011b k letn\u00ed rekreaci (koup\u00e1n\u00ed, opalov\u00e1n\u00ed).<\/p>\n<p><strong>Poho\u0159\u00ed Tribe\u010d a Str\u00e1\u017eovsk\u00e9 vrchy<\/strong><br \/>\nTribe\u010d (ji\u017en\u011b\/jihov\u00fdchodn\u011b od Partiz\u00e1nskeho) i Str\u00e1\u017eovsk\u00e9 vrchy (severn\u011b) nab\u00edzej\u00ed mno\u017estv\u00ed tras pro p\u011b\u0161\u00ed turistiku i cykloturistiku.<br \/>\nV Tribe\u010di se nach\u00e1z\u00ed nap\u0159\u00edklad obl\u00edben\u00fd Topol\u010diansky hrad (z\u0159\u00edcenina nad obc\u00ed Podhradie) nebo vyhl\u00eddkov\u00e1 m\u00edsta, z nich\u017e m\u016f\u017eete obdivovat panoramata Nitry a okol\u00ed.<br \/>\nVe Str\u00e1\u017eovsk\u00fdch vr\u0161\u00edch stoj\u00ed za prozkoum\u00e1n\u00ed \u00fadol\u00ed potok\u016f, krasov\u00e9 \u00fatvary, men\u0161\u00ed jeskyn\u011b a kr\u00e1sn\u00e9 v\u00fdhledy do krajiny.<\/p>\n<p><strong>Partiz\u00e1nske<\/strong><br \/>\nHistorie Ba\u0165ova m\u011bsta: Partiz\u00e1nske (d\u0159\u00edve Ba\u0165ovany) bylo zalo\u017eeno v roce 1938 Janem Anton\u00ednem Ba\u0165ou. M\u016f\u017eete nav\u0161t\u00edvit m\u00edsta spojen\u00e1 s obuvnickou tradic\u00ed nebo si proj\u00edt Centrum Ba\u0165ovany s typick\u00fdmi domky a urbanistick\u00fdm \u0159e\u0161en\u00edm, kter\u00e9 je inspirac\u00ed pro milovn\u00edky architektury i historie.<br \/>\nM\u011bstsk\u00e1 turistick\u00e1 nau\u010dn\u00e1 stezka: Prozkoumejte m\u011bsto a jeho bezprost\u0159edn\u00ed okol\u00ed d\u00edky nau\u010dn\u00fdm tabul\u00edm, kter\u00e9 p\u0159ibli\u017euj\u00ed historii a zaj\u00edmavosti Partiz\u00e1nskeho.<\/p>\n<p><strong>Ka\u0161tie\u013e (Vodn\u00fd hrad) v \u0160imonovanoch (\u010d\u00e1st Partiz\u00e1nskeho)<\/strong><br \/>\nHistorick\u00fd ka\u0161tel, kter\u00fd se nach\u00e1z\u00ed p\u0159\u00edmo v m\u00edstn\u00ed \u010d\u00e1sti \u0160imonovany (asi 2 km od centra Partiz\u00e1nskeho). Jde o p\u016fvodn\u00ed \u201evodn\u00ed hrad\u201c, kter\u00fd pro\u0161el rozs\u00e1hlou rekonstrukc\u00ed. Dnes je z n\u011bj kulturn\u00ed a spole\u010densk\u00e9 centrum \u2013 po\u0159\u00e1daj\u00ed se zde v\u00fdstavy, koncerty, prohl\u00eddky a dal\u0161\u00ed akce.<\/p>\n<p><span class=\"jCAhz\"><span class=\"ryNqvb\">Na dosah budete m\u00edt tak\u00e9 Probo\u0161tskou jeskyni a Muzeum prav\u011bku (31,6 km).<\/span><\/span> <span class=\"jCAhz\"><span class=\"ryNqvb\">A proto\u017ee relaxace v term\u00e1ln\u00ed vod\u011b nen\u00ed nikdy dost, vyzkou\u0161ejte term\u00e1ln\u00ed koupali\u0161t\u011b \u010cajka (31 km) nebo Bojnick\u00e9 l\u00e1zn\u011b (30,2 km) \u2013 l\u00e9\u010debn\u00e9 domy Mier, Ban\u00edk a l\u00e1zn\u011b Janov jsou p\u0159\u00edstupn\u00e9 ve\u0159ejnosti.<\/span><\/span><\/p>\n<\/div>\n<div class=\"lRu31\" dir=\"ltr\">\n<div class=\"OvtS8d\"><\/div>\n<div id=\"ow147\"><\/div>\n<\/div>\n<div class=\"UdTY9 WdefRb\" aria-hidden=\"true\" data-location=\"2\"><\/div>\n","protected":false},"excerpt":{"rendered":"<p>Term\u00e1ln\u00ed koupali\u0161t\u011b Mal\u00e9 Bielice najdete v Partiz\u00e1nsk\u00e9m, m\u011bste\u010dku na \u00fapat\u00ed slovensk\u00e9ho poho\u0159\u00ed Tr\u00edbe\u010d. Hlavn\u00edm l\u00e1kadlem jsou samoz\u0159ejm\u011b samotn\u00e9 term\u00e1ln\u00ed l\u00e1zn\u011b, ze kter\u00fdch se v\u00e1m prost\u011b nebude cht\u00edt. \u0158adu p\u0159\u00edle\u017eitost\u00ed k zaj\u00edmav\u00fdm kratochv\u00edl\u00edm v\u0161ak najdete i v okol\u00ed. Nav\u0161tivte nap\u0159\u00edklad hv\u011bzd\u00e1rnu a projd\u011bte si nau\u010dnou stezku Bielick\u00e1 bahn\u00e1 (1,1 km). Na del\u0161\u00ed v\u00fdlet se vydejte do [&hellip;]<\/p>\n","protected":false},"author":46,"featured_media":0,"parent":710,"menu_order":10,"comment_status":"closed","ping_status":"closed","template":"template-travel-tips.php","meta":{"footnotes":""},"class_list":["post-720","page","type-page","status-publish","hentry"],"yoast_head":"<!-- This site is optimized with the Yoast SEO plugin v27.3 - https:\/\/yoast.com\/product\/yoast-seo-wordpress\/ -->\n<title>V\u00fdlety do okol\u00ed - Termaly Male Bielice -<\/title>\n<meta name=\"description\" content=\"Term\u00e1ln\u00ed koupali\u0161t\u011b Mal\u00e9 Bielice v Partiz\u00e1nsk\u00e9m nab\u00edz\u00ed l\u00e1zn\u011b, turistiku, z\u00e1mky, zoo, adrenalin i historick\u00e9 pam\u00e1tky v okol\u00ed.\" \/>\n<meta name=\"robots\" content=\"index, follow, max-snippet:-1, max-image-preview:large, max-video-preview:-1\" \/>\n<link rel=\"canonical\" href=\"https:\/\/www.termalymalebielice.com\/cs\/kde-nas-najdete\/vylety-do-okoli\/\" \/>\n<meta property=\"og:locale\" content=\"cs_CZ\" \/>\n<meta property=\"og:type\" content=\"article\" \/>\n<meta property=\"og:title\" content=\"V\u00fdlety do okol\u00ed - Termaly Male Bielice -\" \/>\n<meta property=\"og:description\" content=\"Term\u00e1ln\u00ed koupali\u0161t\u011b Mal\u00e9 Bielice v Partiz\u00e1nsk\u00e9m nab\u00edz\u00ed l\u00e1zn\u011b, turistiku, z\u00e1mky, zoo, adrenalin i historick\u00e9 pam\u00e1tky v okol\u00ed.\" \/>\n<meta property=\"og:url\" content=\"https:\/\/www.termalymalebielice.com\/cs\/kde-nas-najdete\/vylety-do-okoli\/\" \/>\n<meta property=\"og:site_name\" content=\"Termaly Male Bielice\" \/>\n<meta property=\"article:modified_time\" content=\"2025-05-20T07:47:11+00:00\" \/>\n<meta name=\"twitter:card\" content=\"summary_large_image\" \/>\n<meta name=\"twitter:label1\" content=\"Odhadovan\u00e1 doba \u010dten\u00ed\" \/>\n\t<meta name=\"twitter:data1\" content=\"4 minuty\" \/>\n<script type=\"application\/ld+json\" class=\"yoast-schema-graph\">{\"@context\":\"https:\\\/\\\/schema.org\",\"@graph\":[{\"@type\":\"WebPage\",\"@id\":\"https:\\\/\\\/www.termalymalebielice.com\\\/cs\\\/kde-nas-najdete\\\/vylety-do-okoli\\\/\",\"url\":\"https:\\\/\\\/www.termalymalebielice.com\\\/cs\\\/kde-nas-najdete\\\/vylety-do-okoli\\\/\",\"name\":\"V\u00fdlety do okol\u00ed - Termaly Male Bielice -\",\"isPartOf\":{\"@id\":\"https:\\\/\\\/www.termalymalebielice.com\\\/cs\\\/#website\"},\"datePublished\":\"2023-12-21T15:44:21+00:00\",\"dateModified\":\"2025-05-20T07:47:11+00:00\",\"description\":\"Term\u00e1ln\u00ed koupali\u0161t\u011b Mal\u00e9 Bielice v Partiz\u00e1nsk\u00e9m nab\u00edz\u00ed l\u00e1zn\u011b, turistiku, z\u00e1mky, zoo, adrenalin i historick\u00e9 pam\u00e1tky v okol\u00ed.\",\"breadcrumb\":{\"@id\":\"https:\\\/\\\/www.termalymalebielice.com\\\/cs\\\/kde-nas-najdete\\\/vylety-do-okoli\\\/#breadcrumb\"},\"inLanguage\":\"cs\",\"potentialAction\":[{\"@type\":\"ReadAction\",\"target\":[\"https:\\\/\\\/www.termalymalebielice.com\\\/cs\\\/kde-nas-najdete\\\/vylety-do-okoli\\\/\"]}]},{\"@type\":\"BreadcrumbList\",\"@id\":\"https:\\\/\\\/www.termalymalebielice.com\\\/cs\\\/kde-nas-najdete\\\/vylety-do-okoli\\\/#breadcrumb\",\"itemListElement\":[{\"@type\":\"ListItem\",\"position\":1,\"name\":\"Home\",\"item\":\"https:\\\/\\\/www.termalymalebielice.com\\\/cs\\\/\"},{\"@type\":\"ListItem\",\"position\":2,\"name\":\"Kde n\u00e1s najdete\",\"item\":\"https:\\\/\\\/www.termalymalebielice.com\\\/cs\\\/kde-nas-najdete\\\/\"},{\"@type\":\"ListItem\",\"position\":3,\"name\":\"V\u00fdlety do okol\u00ed\"}]},{\"@type\":\"WebSite\",\"@id\":\"https:\\\/\\\/www.termalymalebielice.com\\\/cs\\\/#website\",\"url\":\"https:\\\/\\\/www.termalymalebielice.com\\\/cs\\\/\",\"name\":\"Termaly Male Bielice\",\"description\":\"\",\"potentialAction\":[{\"@type\":\"SearchAction\",\"target\":{\"@type\":\"EntryPoint\",\"urlTemplate\":\"https:\\\/\\\/www.termalymalebielice.com\\\/cs\\\/?s={search_term_string}\"},\"query-input\":{\"@type\":\"PropertyValueSpecification\",\"valueRequired\":true,\"valueName\":\"search_term_string\"}}],\"inLanguage\":\"cs\"}]}<\/script>\n<!-- \/ Yoast SEO plugin. -->","yoast_head_json":{"title":"V\u00fdlety do okol\u00ed - Termaly Male Bielice -","description":"Term\u00e1ln\u00ed koupali\u0161t\u011b Mal\u00e9 Bielice v Partiz\u00e1nsk\u00e9m nab\u00edz\u00ed l\u00e1zn\u011b, turistiku, z\u00e1mky, zoo, adrenalin i historick\u00e9 pam\u00e1tky v okol\u00ed.","robots":{"index":"index","follow":"follow","max-snippet":"max-snippet:-1","max-image-preview":"max-image-preview:large","max-video-preview":"max-video-preview:-1"},"canonical":"https:\/\/www.termalymalebielice.com\/cs\/kde-nas-najdete\/vylety-do-okoli\/","og_locale":"cs_CZ","og_type":"article","og_title":"V\u00fdlety do okol\u00ed - Termaly Male Bielice -","og_description":"Term\u00e1ln\u00ed koupali\u0161t\u011b Mal\u00e9 Bielice v Partiz\u00e1nsk\u00e9m nab\u00edz\u00ed l\u00e1zn\u011b, turistiku, z\u00e1mky, zoo, adrenalin i historick\u00e9 pam\u00e1tky v okol\u00ed.","og_url":"https:\/\/www.termalymalebielice.com\/cs\/kde-nas-najdete\/vylety-do-okoli\/","og_site_name":"Termaly Male Bielice","article_modified_time":"2025-05-20T07:47:11+00:00","twitter_card":"summary_large_image","twitter_misc":{"Odhadovan\u00e1 doba \u010dten\u00ed":"4 minuty"},"schema":{"@context":"https:\/\/schema.org","@graph":[{"@type":"WebPage","@id":"https:\/\/www.termalymalebielice.com\/cs\/kde-nas-najdete\/vylety-do-okoli\/","url":"https:\/\/www.termalymalebielice.com\/cs\/kde-nas-najdete\/vylety-do-okoli\/","name":"V\u00fdlety do okol\u00ed - Termaly Male Bielice -","isPartOf":{"@id":"https:\/\/www.termalymalebielice.com\/cs\/#website"},"datePublished":"2023-12-21T15:44:21+00:00","dateModified":"2025-05-20T07:47:11+00:00","description":"Term\u00e1ln\u00ed koupali\u0161t\u011b Mal\u00e9 Bielice v Partiz\u00e1nsk\u00e9m nab\u00edz\u00ed l\u00e1zn\u011b, turistiku, z\u00e1mky, zoo, adrenalin i historick\u00e9 pam\u00e1tky v okol\u00ed.","breadcrumb":{"@id":"https:\/\/www.termalymalebielice.com\/cs\/kde-nas-najdete\/vylety-do-okoli\/#breadcrumb"},"inLanguage":"cs","potentialAction":[{"@type":"ReadAction","target":["https:\/\/www.termalymalebielice.com\/cs\/kde-nas-najdete\/vylety-do-okoli\/"]}]},{"@type":"BreadcrumbList","@id":"https:\/\/www.termalymalebielice.com\/cs\/kde-nas-najdete\/vylety-do-okoli\/#breadcrumb","itemListElement":[{"@type":"ListItem","position":1,"name":"Home","item":"https:\/\/www.termalymalebielice.com\/cs\/"},{"@type":"ListItem","position":2,"name":"Kde n\u00e1s najdete","item":"https:\/\/www.termalymalebielice.com\/cs\/kde-nas-najdete\/"},{"@type":"ListItem","position":3,"name":"V\u00fdlety do okol\u00ed"}]},{"@type":"WebSite","@id":"https:\/\/www.termalymalebielice.com\/cs\/#website","url":"https:\/\/www.termalymalebielice.com\/cs\/","name":"Termaly Male Bielice","description":"","potentialAction":[{"@type":"SearchAction","target":{"@type":"EntryPoint","urlTemplate":"https:\/\/www.termalymalebielice.com\/cs\/?s={search_term_string}"},"query-input":{"@type":"PropertyValueSpecification","valueRequired":true,"valueName":"search_term_string"}}],"inLanguage":"cs"}]}},"acf":[],"_links":{"self":[{"href":"https:\/\/www.termalymalebielice.com\/cs\/wp-json\/wp\/v2\/pages\/720","targetHints":{"allow":["GET"]}}],"collection":[{"href":"https:\/\/www.termalymalebielice.com\/cs\/wp-json\/wp\/v2\/pages"}],"about":[{"href":"https:\/\/www.termalymalebielice.com\/cs\/wp-json\/wp\/v2\/types\/page"}],"author":[{"embeddable":true,"href":"https:\/\/www.termalymalebielice.com\/cs\/wp-json\/wp\/v2\/users\/46"}],"replies":[{"embeddable":true,"href":"https:\/\/www.termalymalebielice.com\/cs\/wp-json\/wp\/v2\/comments?post=720"}],"version-history":[{"count":0,"href":"https:\/\/www.termalymalebielice.com\/cs\/wp-json\/wp\/v2\/pages\/720\/revisions"}],"up":[{"embeddable":true,"href":"https:\/\/www.termalymalebielice.com\/cs\/wp-json\/wp\/v2\/pages\/710"}],"wp:attachment":[{"href":"https:\/\/www.termalymalebielice.com\/cs\/wp-json\/wp\/v2\/media?parent=720"}],"curies":[{"name":"wp","href":"https:\/\/api.w.org\/{rel}","templated":true}]}}