{"id":682,"date":"2023-12-18T12:03:42","date_gmt":"2023-12-18T12:03:42","guid":{"rendered":"https:\/\/www.termalymalebielice.com\/?page_id=682"},"modified":"2025-05-20T07:14:44","modified_gmt":"2025-05-20T07:14:44","slug":"standardni-pokoj","status":"publish","type":"page","link":"https:\/\/www.termalymalebielice.com\/cs\/pokoje\/standardni-pokoj\/","title":{"rendered":"Standardn\u00ed pokoj"},"content":{"rendered":"<p style=\"text-align: center\">Hotelov\u00fd pokoj za\u0159\u00edzen\u00fd modern\u00edm n\u00e1bytkem nab\u00edz\u00ed v\u0161e pro p\u0159\u00edjemn\u00fd pobyt hosta, od minibaru p\u0159es kvalitn\u00ed kosmetiku. Pokoj disponuje tak\u00e9 vlastn\u00ed koupelnou se sprchov\u00fdm koutem, v\u00fdhled do zelen\u011b p\u0159ilehl\u00e9ho parku \u010di na aquapark. V letn\u00edm obdob\u00ed mo\u017en\u00e9 posezen\u00ed na priv\u00e1tn\u00edm balkon\u011b.<\/p>\n","protected":false},"excerpt":{"rendered":"<p>Hotelov\u00fd pokoj za\u0159\u00edzen\u00fd modern\u00edm n\u00e1bytkem nab\u00edz\u00ed v\u0161e pro p\u0159\u00edjemn\u00fd pobyt hosta, od minibaru p\u0159es kvalitn\u00ed kosmetiku. Pokoj disponuje tak\u00e9 vlastn\u00ed koupelnou se sprchov\u00fdm koutem, v\u00fdhled do zelen\u011b p\u0159ilehl\u00e9ho parku \u010di na aquapark. V letn\u00edm obdob\u00ed mo\u017en\u00e9 posezen\u00ed na priv\u00e1tn\u00edm balkon\u011b.<\/p>\n","protected":false},"author":46,"featured_media":0,"parent":681,"menu_order":10,"comment_status":"closed","ping_status":"closed","template":"template-single-room.php","meta":{"footnotes":""},"class_list":["post-682","page","type-page","status-publish","hentry"],"yoast_head":"<!-- This site is optimized with the Yoast SEO plugin v27.3 - https:\/\/yoast.com\/product\/yoast-seo-wordpress\/ -->\n<title>Standardn\u00ed pokoj - Termaly Male Bielice -<\/title>\n<meta name=\"description\" content=\"Hotelov\u00fd pokoj s modern\u00edm n\u00e1bytkem, minibarem, koupelnou, v\u00fdhledem do parku \u010di aquaparku a letn\u00edm balkonem.\" \/>\n<meta name=\"robots\" content=\"index, follow, max-snippet:-1, max-image-preview:large, max-video-preview:-1\" \/>\n<link rel=\"canonical\" href=\"https:\/\/www.termalymalebielice.com\/cs\/pokoje\/standardni-pokoj\/\" \/>\n<meta property=\"og:locale\" content=\"cs_CZ\" \/>\n<meta property=\"og:type\" content=\"article\" \/>\n<meta property=\"og:title\" content=\"Standardn\u00ed pokoj - Termaly Male Bielice -\" \/>\n<meta property=\"og:description\" content=\"Hotelov\u00fd pokoj s modern\u00edm n\u00e1bytkem, minibarem, koupelnou, v\u00fdhledem do parku \u010di aquaparku a letn\u00edm balkonem.\" \/>\n<meta property=\"og:url\" content=\"https:\/\/www.termalymalebielice.com\/cs\/pokoje\/standardni-pokoj\/\" \/>\n<meta property=\"og:site_name\" content=\"Termaly Male Bielice\" \/>\n<meta property=\"article:modified_time\" content=\"2025-05-20T07:14:44+00:00\" \/>\n<meta name=\"twitter:card\" content=\"summary_large_image\" \/>\n<meta name=\"twitter:label1\" content=\"Odhadovan\u00e1 doba \u010dten\u00ed\" \/>\n\t<meta name=\"twitter:data1\" content=\"1 minuta\" \/>\n<script type=\"application\/ld+json\" class=\"yoast-schema-graph\">{\"@context\":\"https:\\\/\\\/schema.org\",\"@graph\":[{\"@type\":\"WebPage\",\"@id\":\"https:\\\/\\\/www.termalymalebielice.com\\\/cs\\\/pokoje\\\/standardni-pokoj\\\/\",\"url\":\"https:\\\/\\\/www.termalymalebielice.com\\\/cs\\\/pokoje\\\/standardni-pokoj\\\/\",\"name\":\"Standardn\u00ed pokoj - Termaly Male Bielice -\",\"isPartOf\":{\"@id\":\"https:\\\/\\\/www.termalymalebielice.com\\\/cs\\\/#website\"},\"datePublished\":\"2023-12-18T12:03:42+00:00\",\"dateModified\":\"2025-05-20T07:14:44+00:00\",\"description\":\"Hotelov\u00fd pokoj s modern\u00edm n\u00e1bytkem, minibarem, koupelnou, v\u00fdhledem do parku \u010di aquaparku a letn\u00edm balkonem.\",\"breadcrumb\":{\"@id\":\"https:\\\/\\\/www.termalymalebielice.com\\\/cs\\\/pokoje\\\/standardni-pokoj\\\/#breadcrumb\"},\"inLanguage\":\"cs\",\"potentialAction\":[{\"@type\":\"ReadAction\",\"target\":[\"https:\\\/\\\/www.termalymalebielice.com\\\/cs\\\/pokoje\\\/standardni-pokoj\\\/\"]}]},{\"@type\":\"BreadcrumbList\",\"@id\":\"https:\\\/\\\/www.termalymalebielice.com\\\/cs\\\/pokoje\\\/standardni-pokoj\\\/#breadcrumb\",\"itemListElement\":[{\"@type\":\"ListItem\",\"position\":1,\"name\":\"Home\",\"item\":\"https:\\\/\\\/www.termalymalebielice.com\\\/cs\\\/\"},{\"@type\":\"ListItem\",\"position\":2,\"name\":\"Pokoje\",\"item\":\"https:\\\/\\\/www.termalymalebielice.com\\\/cs\\\/pokoje\\\/\"},{\"@type\":\"ListItem\",\"position\":3,\"name\":\"Standardn\u00ed pokoj\"}]},{\"@type\":\"WebSite\",\"@id\":\"https:\\\/\\\/www.termalymalebielice.com\\\/cs\\\/#website\",\"url\":\"https:\\\/\\\/www.termalymalebielice.com\\\/cs\\\/\",\"name\":\"Termaly Male Bielice\",\"description\":\"\",\"potentialAction\":[{\"@type\":\"SearchAction\",\"target\":{\"@type\":\"EntryPoint\",\"urlTemplate\":\"https:\\\/\\\/www.termalymalebielice.com\\\/cs\\\/?s={search_term_string}\"},\"query-input\":{\"@type\":\"PropertyValueSpecification\",\"valueRequired\":true,\"valueName\":\"search_term_string\"}}],\"inLanguage\":\"cs\"}]}<\/script>\n<!-- \/ Yoast SEO plugin. -->","yoast_head_json":{"title":"Standardn\u00ed pokoj - Termaly Male Bielice -","description":"Hotelov\u00fd pokoj s modern\u00edm n\u00e1bytkem, minibarem, koupelnou, v\u00fdhledem do parku \u010di aquaparku a letn\u00edm balkonem.","robots":{"index":"index","follow":"follow","max-snippet":"max-snippet:-1","max-image-preview":"max-image-preview:large","max-video-preview":"max-video-preview:-1"},"canonical":"https:\/\/www.termalymalebielice.com\/cs\/pokoje\/standardni-pokoj\/","og_locale":"cs_CZ","og_type":"article","og_title":"Standardn\u00ed pokoj - Termaly Male Bielice -","og_description":"Hotelov\u00fd pokoj s modern\u00edm n\u00e1bytkem, minibarem, koupelnou, v\u00fdhledem do parku \u010di aquaparku a letn\u00edm balkonem.","og_url":"https:\/\/www.termalymalebielice.com\/cs\/pokoje\/standardni-pokoj\/","og_site_name":"Termaly Male Bielice","article_modified_time":"2025-05-20T07:14:44+00:00","twitter_card":"summary_large_image","twitter_misc":{"Odhadovan\u00e1 doba \u010dten\u00ed":"1 minuta"},"schema":{"@context":"https:\/\/schema.org","@graph":[{"@type":"WebPage","@id":"https:\/\/www.termalymalebielice.com\/cs\/pokoje\/standardni-pokoj\/","url":"https:\/\/www.termalymalebielice.com\/cs\/pokoje\/standardni-pokoj\/","name":"Standardn\u00ed pokoj - Termaly Male Bielice -","isPartOf":{"@id":"https:\/\/www.termalymalebielice.com\/cs\/#website"},"datePublished":"2023-12-18T12:03:42+00:00","dateModified":"2025-05-20T07:14:44+00:00","description":"Hotelov\u00fd pokoj s modern\u00edm n\u00e1bytkem, minibarem, koupelnou, v\u00fdhledem do parku \u010di aquaparku a letn\u00edm balkonem.","breadcrumb":{"@id":"https:\/\/www.termalymalebielice.com\/cs\/pokoje\/standardni-pokoj\/#breadcrumb"},"inLanguage":"cs","potentialAction":[{"@type":"ReadAction","target":["https:\/\/www.termalymalebielice.com\/cs\/pokoje\/standardni-pokoj\/"]}]},{"@type":"BreadcrumbList","@id":"https:\/\/www.termalymalebielice.com\/cs\/pokoje\/standardni-pokoj\/#breadcrumb","itemListElement":[{"@type":"ListItem","position":1,"name":"Home","item":"https:\/\/www.termalymalebielice.com\/cs\/"},{"@type":"ListItem","position":2,"name":"Pokoje","item":"https:\/\/www.termalymalebielice.com\/cs\/pokoje\/"},{"@type":"ListItem","position":3,"name":"Standardn\u00ed pokoj"}]},{"@type":"WebSite","@id":"https:\/\/www.termalymalebielice.com\/cs\/#website","url":"https:\/\/www.termalymalebielice.com\/cs\/","name":"Termaly Male Bielice","description":"","potentialAction":[{"@type":"SearchAction","target":{"@type":"EntryPoint","urlTemplate":"https:\/\/www.termalymalebielice.com\/cs\/?s={search_term_string}"},"query-input":{"@type":"PropertyValueSpecification","valueRequired":true,"valueName":"search_term_string"}}],"inLanguage":"cs"}]}},"acf":[],"_links":{"self":[{"href":"https:\/\/www.termalymalebielice.com\/cs\/wp-json\/wp\/v2\/pages\/682","targetHints":{"allow":["GET"]}}],"collection":[{"href":"https:\/\/www.termalymalebielice.com\/cs\/wp-json\/wp\/v2\/pages"}],"about":[{"href":"https:\/\/www.termalymalebielice.com\/cs\/wp-json\/wp\/v2\/types\/page"}],"author":[{"embeddable":true,"href":"https:\/\/www.termalymalebielice.com\/cs\/wp-json\/wp\/v2\/users\/46"}],"replies":[{"embeddable":true,"href":"https:\/\/www.termalymalebielice.com\/cs\/wp-json\/wp\/v2\/comments?post=682"}],"version-history":[{"count":0,"href":"https:\/\/www.termalymalebielice.com\/cs\/wp-json\/wp\/v2\/pages\/682\/revisions"}],"up":[{"embeddable":true,"href":"https:\/\/www.termalymalebielice.com\/cs\/wp-json\/wp\/v2\/pages\/681"}],"wp:attachment":[{"href":"https:\/\/www.termalymalebielice.com\/cs\/wp-json\/wp\/v2\/media?parent=682"}],"curies":[{"name":"wp","href":"https:\/\/api.w.org\/{rel}","templated":true}]}}